{"id":77012,"date":"2026-04-07T16:42:56","date_gmt":"2026-04-07T20:42:56","guid":{"rendered":"https:\/\/www.fiberwood.ca\/?page_id=77012"},"modified":"2026-04-07T17:20:48","modified_gmt":"2026-04-07T21:20:48","slug":"revetement-composite-siding","status":"publish","type":"page","link":"https:\/\/www.fiberwood.ca\/fr\/revetement-composite-siding\/","title":{"rendered":"Rev\u00eatement composite"},"content":{"rendered":"\t\t<div data-elementor-type=\"wp-page\" data-elementor-id=\"77012\" class=\"elementor elementor-77012 elementor-77004\" data-elementor-post-type=\"page\">\n\t\t\t\t<div class=\"elementor-element elementor-element-e30fc22 e-con-full wd-section-stretch e-flex e-con e-parent\" data-id=\"e30fc22\" data-element_type=\"container\" data-e-type=\"container\">\n\t\t\t\t<div class=\"elementor-element elementor-element-31ed558 elementor-widget elementor-widget-slider_revolution\" data-id=\"31ed558\" data-element_type=\"widget\" data-e-type=\"widget\" data-widget_type=\"slider_revolution.default\">\n\t\t\t\t\t\n\t\t<div class=\"wp-block-themepunch-revslider\">\n\t\t\t\t<p class=\"rs-p-wp-fix\"><\/p>\n\t\t\t\t<sr7-module data-alias=\"FiberWood-2025-Cladding-Revetement\" data-id=\"123\" id=\"SR7_123_1\" class=\"rs-ov-hidden\" data-version=\"6.7.54\">\n\t\t\t\t\t<sr7-adjuster><\/sr7-adjuster>\n\t\t\t\t\t<sr7-content>\n\t\t\t\t\t\t<sr7-slide id=\"SR7_123_1-95\" data-key=\"95\">\n\t\t\t\t\t\t<\/sr7-slide>\n\t\t\t\t\t\t<sr7-slide id=\"SR7_123_1-97\" data-key=\"97\">\n\t\t\t\t\t\t<\/sr7-slide>\n\t\t\t\t\t\t<sr7-slide id=\"SR7_123_1-96\" data-key=\"96\">\n\t\t\t\t\t\t<\/sr7-slide>\n\t\t\t\t\t\t<sr7-slide id=\"SR7_123_1-144\" data-key=\"144\">\n\t\t\t\t\t\t<\/sr7-slide>\n\t\t\t\t\t<\/sr7-content>\n\t\t\t\t<\/sr7-module>\n\t\t\t\t<script>\n\t\t\t\t\twindow.SR7 ??={};SR7.PMH ??={}; SR7.PMH[\"SR7_123_1\"] = {cn:100,state:false,fn: function() { if (window._tpt!==undefined && window._tpt.prepareModuleHeight !== undefined) {  _tpt.prepareModuleHeight({id:\"SR7_123_1\",el:[650,650,768,960,720],type:'standard',shdw:'0',gh:[650,650,537,408,252],gw:[1240,1240,1024,778,480],vpt:['-100px'],size:{fullWidth:true, fullHeight:false},mh:'0',onh:0,onw:0,bg:{color:'{\"orig\":\"transparent\",\"type\":\"solid\",\"string\":\"transparent\"}'}});   SR7.PMH[\"SR7_123_1\"].state=true;} else if(SR7.PMH[\"SR7_123_1\"].cn-->0)\tsetTimeout( SR7.PMH[\"SR7_123_1\"].fn,19);}};SR7.PMH[\"SR7_123_1\" ].fn();\n\t\t\t\t<\/script>\n<\/div>\n\n\t\t\t\t\t\t<\/div>\n\t\t\t\t<\/div>\n\t\t\t\t<section class=\"elementor-section elementor-top-section elementor-element elementor-element-4bd342f elementor-section-stretched elementor-section-boxed elementor-section-height-default elementor-section-height-default\" data-id=\"4bd342f\" data-element_type=\"section\" data-e-type=\"section\" data-settings=\"{&quot;stretch_section&quot;:&quot;section-stretched&quot;}\">\n\t\t\t\t\t\t<div class=\"elementor-container elementor-column-gap-default\">\n\t\t\t\t\t<div class=\"elementor-column elementor-col-100 elementor-top-column elementor-element elementor-element-6ecc445\" data-id=\"6ecc445\" data-element_type=\"column\" data-e-type=\"column\">\n\t\t\t<div class=\"elementor-widget-wrap elementor-element-populated\">\n\t\t\t\t\t\t<div class=\"elementor-element elementor-element-b6030f1 elementor-widget elementor-widget-heading\" data-id=\"b6030f1\" data-element_type=\"widget\" data-e-type=\"widget\" data-widget_type=\"heading.default\">\n\t\t\t\t\t<h1 class=\"elementor-heading-title elementor-size-default\">Rev\u00eatement composite FiberWood<\/h1>\t\t\t\t<\/div>\n\t\t\t\t<div class=\"elementor-element elementor-element-8efa4e9 color-scheme-inherit text-left elementor-widget elementor-widget-text-editor\" data-id=\"8efa4e9\" data-element_type=\"widget\" data-e-type=\"widget\" data-widget_type=\"text-editor.default\">\n\t\t\t\t\t\t\t\t\t<p>Le rev\u00eatement mural composite FiberWood red\u00e9finit les rev\u00eatements muraux contemporains, pour les espaces ext\u00e9rieurs comme int\u00e9rieurs. Fabriqu\u00e9 \u00e0 partir d&rsquo;un composite de bois de haute qualit\u00e9, ce produit allie performance, esth\u00e9tique et durabilit\u00e9. Nos panneaux muraux offrent une parfaite harmonie entre nature et innovation, pour des fa\u00e7ades et des murs \u00e0 la finition haut de gamme, sans compromis sur la r\u00e9sistance aux intemp\u00e9ries. Ce rev\u00eatement composite est sp\u00e9cialement con\u00e7u pour sublimer tout b\u00e2timent et rehausser l&rsquo;ext\u00e9rieur de la maison gr\u00e2ce \u00e0 une finition premium.<\/p>\t\t\t\t\t\t\t\t<\/div>\n\t\t\t\t<div class=\"elementor-element elementor-element-ec237e1 elementor-widget-divider--view-line elementor-widget elementor-widget-divider\" data-id=\"ec237e1\" data-element_type=\"widget\" data-e-type=\"widget\" data-widget_type=\"divider.default\">\n\t\t\t\t\t\t\t<div class=\"elementor-divider\">\n\t\t\t<span class=\"elementor-divider-separator\">\n\t\t\t\t\t\t<\/span>\n\t\t<\/div>\n\t\t\t\t\t\t<\/div>\n\t\t\t\t<div class=\"elementor-element elementor-element-417165c elementor-widget elementor-widget-heading\" data-id=\"417165c\" data-element_type=\"widget\" data-e-type=\"widget\" data-widget_type=\"heading.default\">\n\t\t\t\t\t<h2 class=\"elementor-heading-title elementor-size-default\">Rev\u00eatement de fa\u00e7ade et habillage mural en bois composite<\/h2>\t\t\t\t<\/div>\n\t\t\t\t<div class=\"elementor-element elementor-element-6a904dd color-scheme-inherit text-left elementor-widget elementor-widget-text-editor\" data-id=\"6a904dd\" data-element_type=\"widget\" data-e-type=\"widget\" data-widget_type=\"text-editor.default\">\n\t\t\t\t\t\t\t\t\t<p>Con\u00e7u pour sublimer vos espaces, le rev\u00eatement mural FiberWood allie \u00e9l\u00e9gance et technologie de pointe pour une durabilit\u00e9 in\u00e9gal\u00e9e. Chaque lame est prot\u00e9g\u00e9e et imperm\u00e9abilis\u00e9e gr\u00e2ce au rev\u00eatement Proshield Premium, garantissant une fa\u00e7ade intemporelle et un investissement durable. Ce produit est con\u00e7u pour r\u00e9sister aux conditions climatiques extr\u00eames tout en conservant sa structure et son aspect.<\/p><p>Pour une construction neuve ou une r\u00e9novation, choisissez le rev\u00eatement mural qui vous convient le mieux parmi nos quatre gammes et nos multiples coloris. Notre composite de bois, compos\u00e9 \u00e0 90 % de mat\u00e9riaux recycl\u00e9s et de plastiques recycl\u00e9s, est une solution \u00e0 la fois esth\u00e9tique et \u00e9cologique, favorisant un d\u00e9veloppement durable. Ce bardage composite est id\u00e9al pour tout projet de construction alliant performance et respect de l&rsquo;environnement.<\/p>\t\t\t\t\t\t\t\t<\/div>\n\t\t\t\t<div class=\"elementor-element elementor-element-fec938b elementor-widget elementor-widget-heading\" data-id=\"fec938b\" data-element_type=\"widget\" data-e-type=\"widget\" data-widget_type=\"heading.default\">\n\t\t\t\t\t<h2 class=\"elementor-heading-title elementor-size-default\">\u00c9ditions et collections de rev\u00eatements composites FiberWood<\/h2>\t\t\t\t<\/div>\n\t\t\t\t<div class=\"elementor-element elementor-element-45afa0a color-scheme-inherit text-left elementor-widget elementor-widget-text-editor\" data-id=\"45afa0a\" data-element_type=\"widget\" data-e-type=\"widget\" data-widget_type=\"text-editor.default\">\n\t\t\t\t\t\t\t\t\t<p>FiberWood propose ses rev\u00eatements muraux composites en plusieurs \u00e9ditions et collections pour r\u00e9pondre \u00e0 tous les projets, des fa\u00e7ades r\u00e9sidentielles aux murs int\u00e9rieurs d\u00e9coratifs. Chaque produit est con\u00e7u avec une \u00e2me composite robuste, compos\u00e9e de fibres de bois et de plastique, pour une durabilit\u00e9 accrue.<\/p>\t\t\t\t\t\t\t\t<\/div>\n\t\t\t\t\t<\/div>\n\t\t<\/div>\n\t\t\t\t\t<\/div>\n\t\t<\/section>\n\t\t\t\t<section class=\"wd-negative-gap elementor-section elementor-top-section elementor-element elementor-element-095df22 elementor-section-boxed elementor-section-height-default elementor-section-height-default\" data-id=\"095df22\" data-element_type=\"section\" data-e-type=\"section\">\n\t\t\t\t\t\t<div class=\"elementor-container elementor-column-gap-default\">\n\t\t\t\t\t<div class=\"elementor-column elementor-col-100 elementor-top-column elementor-element elementor-element-faf634b\" data-id=\"faf634b\" data-element_type=\"column\" data-e-type=\"column\">\n\t\t\t<div class=\"elementor-widget-wrap elementor-element-populated\">\n\t\t\t\t\t\t<div class=\"elementor-element elementor-element-fbd4cdf elementor-widget elementor-widget-spacer\" data-id=\"fbd4cdf\" data-element_type=\"widget\" data-e-type=\"widget\" data-widget_type=\"spacer.default\">\n\t\t\t\t\t\t\t<div class=\"elementor-spacer\">\n\t\t\t<div class=\"elementor-spacer-inner\"><\/div>\n\t\t<\/div>\n\t\t\t\t\t\t<\/div>\n\t\t\t\t\t<\/div>\n\t\t<\/div>\n\t\t\t\t\t<\/div>\n\t\t<\/section>\n\t\t\t\t<section class=\"wd-negative-gap elementor-section elementor-top-section elementor-element elementor-element-e9cf7be elementor-section-boxed elementor-section-height-default elementor-section-height-default\" data-id=\"e9cf7be\" data-element_type=\"section\" data-e-type=\"section\">\n\t\t\t\t\t\t<div class=\"elementor-container elementor-column-gap-default\">\n\t\t\t\t\t<div class=\"elementor-column elementor-col-50 elementor-top-column elementor-element elementor-element-feac19e\" data-id=\"feac19e\" data-element_type=\"column\" data-e-type=\"column\">\n\t\t\t<div class=\"elementor-widget-wrap elementor-element-populated\">\n\t\t\t\t\t\t<div class=\"elementor-element elementor-element-2f738ef elementor-widget elementor-widget-heading\" data-id=\"2f738ef\" data-element_type=\"widget\" data-e-type=\"widget\" data-widget_type=\"heading.default\">\n\t\t\t\t\t<h3 class=\"elementor-heading-title elementor-size-default\">\u00c9dition <b>Classique<\/b><\/h3>\t\t\t\t<\/div>\n\t\t\t\t<div class=\"elementor-element elementor-element-4db75b2 elementor-widget-divider--view-line elementor-widget elementor-widget-divider\" data-id=\"4db75b2\" data-element_type=\"widget\" data-e-type=\"widget\" data-widget_type=\"divider.default\">\n\t\t\t\t\t\t\t<div class=\"elementor-divider\">\n\t\t\t<span class=\"elementor-divider-separator\">\n\t\t\t\t\t\t<\/span>\n\t\t<\/div>\n\t\t\t\t\t\t<\/div>\n\t\t\t\t<div class=\"elementor-element elementor-element-054fe5e color-scheme-inherit text-left elementor-widget elementor-widget-text-editor\" data-id=\"054fe5e\" data-element_type=\"widget\" data-e-type=\"widget\" data-widget_type=\"text-editor.default\">\n\t\t\t\t\t\t\t\t\t<p>Apportez chaleur et authenticit\u00e9 \u00e0 vos murs, int\u00e9rieurs comme ext\u00e9rieurs, gr\u00e2ce \u00e0 notre rev\u00eatement mural en composite de bois FiberWood. Durable et facile \u00e0 installer, notre <a href=\"https:\/\/www.fiberwood.ca\/fr\/revetements-en-composite\/edition-classique\/\">\u00c9dition Classique<\/a> offre un design \u00e9pur\u00e9 et naturel qui r\u00e9siste \u00e0 l&rsquo;\u00e9preuve du temps sans rien perdre de son \u00e9l\u00e9gance. Son aspect imite \u00e0 la perfection le bois massif, tout en r\u00e9sistant \u00e0 la d\u00e9coloration et en conservant sa couleur au fil du temps.<\/p>\t\t\t\t\t\t\t\t<\/div>\n\t\t\t\t<div class=\"elementor-element elementor-element-37372cf elementor-widget elementor-widget-heading\" data-id=\"37372cf\" data-element_type=\"widget\" data-e-type=\"widget\" data-widget_type=\"heading.default\">\n\t\t\t\t\t<h4 class=\"elementor-heading-title elementor-size-default\">Couleurs de la gamme\n<\/h4>\t\t\t\t<\/div>\n\t\t\t\t<div class=\"elementor-element elementor-element-74f6b65 color-scheme-inherit text-left elementor-widget elementor-widget-text-editor\" data-id=\"74f6b65\" data-element_type=\"widget\" data-e-type=\"widget\" data-widget_type=\"text-editor.default\">\n\t\t\t\t\t\t\t\t\t<p>Les coloris propos\u00e9s pour le rev\u00eatement ext\u00e9rieur de la gamme Classic Edition sont\u00a0: noyer, noir, teck, fr\u00eane pierre, bois naturel, gris perle, brun classique, ch\u00eane blanc et blanc pur. Ces couleurs sont con\u00e7ues pour r\u00e9sister \u00e0 la d\u00e9coloration due aux rayons UV et aux intemp\u00e9ries.<\/p>\t\t\t\t\t\t\t\t<\/div>\n\t\t\t\t<div class=\"elementor-element elementor-element-e4483c8 elementor-widget elementor-widget-button\" data-id=\"e4483c8\" data-element_type=\"widget\" data-e-type=\"widget\" data-widget_type=\"button.default\">\n\t\t\t\t\t\t\t\t\t\t<a class=\"elementor-button elementor-button-link elementor-size-sm\" href=\"https:\/\/www.fiberwood.ca\/fr\/revetements-en-composite\/edition-classique\/\">\n\t\t\t\t\t\t<span class=\"elementor-button-content-wrapper\">\n\t\t\t\t\t\t\t\t\t<span class=\"elementor-button-text\">Voir cette \u00e9dition<\/span>\n\t\t\t\t\t<\/span>\n\t\t\t\t\t<\/a>\n\t\t\t\t\t\t\t\t<\/div>\n\t\t\t\t\t<\/div>\n\t\t<\/div>\n\t\t\t\t<div class=\"elementor-column elementor-col-25 elementor-top-column elementor-element elementor-element-10e8c4b\" data-id=\"10e8c4b\" data-element_type=\"column\" data-e-type=\"column\">\n\t\t\t<div class=\"elementor-widget-wrap elementor-element-populated\">\n\t\t\t\t\t\t<div class=\"elementor-element elementor-element-2e9ff42 elementor-widget elementor-widget-image\" data-id=\"2e9ff42\" data-element_type=\"widget\" data-e-type=\"widget\" data-widget_type=\"image.default\">\n\t\t\t\t\t\t\t\t\t\t\t\t\t\t\t<img loading=\"lazy\" decoding=\"async\" width=\"576\" height=\"1024\" src=\"https:\/\/www.fiberwood.ca\/wp-content\/uploads\/2024\/11\/classic-3-576x1024.jpg\" class=\"attachment-large size-large wp-image-49060\" alt=\"Chambre d\u2019enfant avec d\u00e9cor doux, mur en composite de bois Blanc Ch\u00eane et peluches.\" srcset=\"https:\/\/www.fiberwood.ca\/wp-content\/uploads\/2024\/11\/classic-3-576x1024.jpg 576w, https:\/\/www.fiberwood.ca\/wp-content\/uploads\/2024\/11\/classic-3-169x300.jpg 169w, https:\/\/www.fiberwood.ca\/wp-content\/uploads\/2024\/11\/classic-3-768x1365.jpg 768w, https:\/\/www.fiberwood.ca\/wp-content\/uploads\/2024\/11\/classic-3-864x1536.jpg 864w, https:\/\/www.fiberwood.ca\/wp-content\/uploads\/2024\/11\/classic-3-600x1067.jpg 600w, https:\/\/www.fiberwood.ca\/wp-content\/uploads\/2024\/11\/classic-3-150x267.jpg 150w, https:\/\/www.fiberwood.ca\/wp-content\/uploads\/2024\/11\/classic-3.jpg 1080w\" sizes=\"auto, (max-width: 576px) 100vw, 576px\" title=\"\u00c9dition Classique Blanc Ch\u00eane \u2013 Rev\u00eatement mural en composite de bois | FiberWood\" \/>\t\t\t\t\t\t\t\t\t\t\t\t\t\t\t<\/div>\n\t\t\t\t\t<\/div>\n\t\t<\/div>\n\t\t\t\t<div class=\"elementor-column elementor-col-25 elementor-top-column elementor-element elementor-element-c210e76\" data-id=\"c210e76\" data-element_type=\"column\" data-e-type=\"column\">\n\t\t\t<div class=\"elementor-widget-wrap elementor-element-populated\">\n\t\t\t\t\t\t<div class=\"elementor-element elementor-element-b0f3f83 elementor-widget elementor-widget-image\" data-id=\"b0f3f83\" data-element_type=\"widget\" data-e-type=\"widget\" data-widget_type=\"image.default\">\n\t\t\t\t\t\t\t\t\t\t\t\t\t\t\t<img loading=\"lazy\" decoding=\"async\" width=\"576\" height=\"1024\" src=\"https:\/\/www.fiberwood.ca\/wp-content\/uploads\/2024\/11\/classic-4-576x1024.jpg\" class=\"attachment-large size-large wp-image-49058\" alt=\"Maison moderne avec rev\u00eatement en composite de bois Pierre Cendr\u00e9e et terrasse Gris Nordique.\" srcset=\"https:\/\/www.fiberwood.ca\/wp-content\/uploads\/2024\/11\/classic-4-576x1024.jpg 576w, https:\/\/www.fiberwood.ca\/wp-content\/uploads\/2024\/11\/classic-4-169x300.jpg 169w, https:\/\/www.fiberwood.ca\/wp-content\/uploads\/2024\/11\/classic-4-768x1365.jpg 768w, https:\/\/www.fiberwood.ca\/wp-content\/uploads\/2024\/11\/classic-4-864x1536.jpg 864w, https:\/\/www.fiberwood.ca\/wp-content\/uploads\/2024\/11\/classic-4-600x1067.jpg 600w, https:\/\/www.fiberwood.ca\/wp-content\/uploads\/2024\/11\/classic-4-150x267.jpg 150w, https:\/\/www.fiberwood.ca\/wp-content\/uploads\/2024\/11\/classic-4.jpg 1080w\" sizes=\"auto, (max-width: 576px) 100vw, 576px\" title=\"\u00c9dition Classique Pierre Cendr\u00e9e avec terrasse Avantage Gris Nordique \u2013 Composite de bois | FiberWood\" \/>\t\t\t\t\t\t\t\t\t\t\t\t\t\t\t<\/div>\n\t\t\t\t\t<\/div>\n\t\t<\/div>\n\t\t\t\t\t<\/div>\n\t\t<\/section>\n\t\t\t\t<section class=\"wd-negative-gap elementor-section elementor-top-section elementor-element elementor-element-cadfaac elementor-section-boxed elementor-section-height-default elementor-section-height-default\" data-id=\"cadfaac\" data-element_type=\"section\" data-e-type=\"section\">\n\t\t\t\t\t\t<div class=\"elementor-container elementor-column-gap-default\">\n\t\t\t\t\t<div class=\"elementor-column elementor-col-100 elementor-top-column elementor-element elementor-element-e3bb026\" data-id=\"e3bb026\" data-element_type=\"column\" data-e-type=\"column\">\n\t\t\t<div class=\"elementor-widget-wrap elementor-element-populated\">\n\t\t\t\t\t\t<div class=\"elementor-element elementor-element-aab29f5 elementor-widget elementor-widget-spacer\" data-id=\"aab29f5\" data-element_type=\"widget\" data-e-type=\"widget\" data-widget_type=\"spacer.default\">\n\t\t\t\t\t\t\t<div class=\"elementor-spacer\">\n\t\t\t<div class=\"elementor-spacer-inner\"><\/div>\n\t\t<\/div>\n\t\t\t\t\t\t<\/div>\n\t\t\t\t\t<\/div>\n\t\t<\/div>\n\t\t\t\t\t<\/div>\n\t\t<\/section>\n\t\t\t\t<section class=\"wd-negative-gap elementor-section elementor-top-section elementor-element elementor-element-621b408 elementor-reverse-tablet_extra elementor-reverse-tablet elementor-reverse-mobile elementor-section-boxed elementor-section-height-default elementor-section-height-default\" data-id=\"621b408\" data-element_type=\"section\" data-e-type=\"section\">\n\t\t\t\t\t\t<div class=\"elementor-container elementor-column-gap-default\">\n\t\t\t\t\t<div class=\"elementor-column elementor-col-25 elementor-top-column elementor-element elementor-element-53e6878\" data-id=\"53e6878\" data-element_type=\"column\" data-e-type=\"column\">\n\t\t\t<div class=\"elementor-widget-wrap elementor-element-populated\">\n\t\t\t\t\t\t<div class=\"elementor-element elementor-element-f85509e elementor-widget elementor-widget-image\" data-id=\"f85509e\" data-element_type=\"widget\" data-e-type=\"widget\" data-widget_type=\"image.default\">\n\t\t\t\t\t\t\t\t\t\t\t\t\t\t\t<img loading=\"lazy\" decoding=\"async\" width=\"500\" height=\"884\" src=\"https:\/\/www.fiberwood.ca\/wp-content\/uploads\/2024\/11\/board-and-batten.jpg\" class=\"attachment-large size-large wp-image-48908\" alt=\"Maison champ\u00eatre moderne avec rev\u00eatement Planche et Baguette en composite de bois Blanc Pur.\" srcset=\"https:\/\/www.fiberwood.ca\/wp-content\/uploads\/2024\/11\/board-and-batten.jpg 500w, https:\/\/www.fiberwood.ca\/wp-content\/uploads\/2024\/11\/board-and-batten-170x300.jpg 170w, https:\/\/www.fiberwood.ca\/wp-content\/uploads\/2024\/11\/board-and-batten-150x265.jpg 150w\" sizes=\"auto, (max-width: 500px) 100vw, 500px\" title=\"Planche et Baguette Blanc Pur \u2013 Rev\u00eatement ext\u00e9rieur en composite de bois | FiberWood\" \/>\t\t\t\t\t\t\t\t\t\t\t\t\t\t\t<\/div>\n\t\t\t\t\t<\/div>\n\t\t<\/div>\n\t\t\t\t<div class=\"elementor-column elementor-col-25 elementor-top-column elementor-element elementor-element-bc2f101\" data-id=\"bc2f101\" data-element_type=\"column\" data-e-type=\"column\">\n\t\t\t<div class=\"elementor-widget-wrap elementor-element-populated\">\n\t\t\t\t\t\t<div class=\"elementor-element elementor-element-e3d8d84 elementor-widget elementor-widget-image\" data-id=\"e3d8d84\" data-element_type=\"widget\" data-e-type=\"widget\" data-widget_type=\"image.default\">\n\t\t\t\t\t\t\t\t\t\t\t\t\t\t\t<img loading=\"lazy\" decoding=\"async\" width=\"500\" height=\"884\" src=\"https:\/\/www.fiberwood.ca\/wp-content\/uploads\/2024\/11\/board-and-batten-2.jpg\" class=\"attachment-large size-large wp-image-48906\" alt=\"Salon moderne avec rev\u00eatement mural Planche et Baguette en composite de bois Blanc Ch\u00eane.\" srcset=\"https:\/\/www.fiberwood.ca\/wp-content\/uploads\/2024\/11\/board-and-batten-2.jpg 500w, https:\/\/www.fiberwood.ca\/wp-content\/uploads\/2024\/11\/board-and-batten-2-170x300.jpg 170w, https:\/\/www.fiberwood.ca\/wp-content\/uploads\/2024\/11\/board-and-batten-2-150x265.jpg 150w\" sizes=\"auto, (max-width: 500px) 100vw, 500px\" title=\"Planche et Baguette Blanc Ch\u00eane \u2013 Rev\u00eatement mural en composite de bois | FiberWood\" \/>\t\t\t\t\t\t\t\t\t\t\t\t\t\t\t<\/div>\n\t\t\t\t\t<\/div>\n\t\t<\/div>\n\t\t\t\t<div class=\"elementor-column elementor-col-50 elementor-top-column elementor-element elementor-element-2c0e59f\" data-id=\"2c0e59f\" data-element_type=\"column\" data-e-type=\"column\">\n\t\t\t<div class=\"elementor-widget-wrap elementor-element-populated\">\n\t\t\t\t\t\t<div class=\"elementor-element elementor-element-9317967 elementor-widget elementor-widget-heading\" data-id=\"9317967\" data-element_type=\"widget\" data-e-type=\"widget\" data-widget_type=\"heading.default\">\n\t\t\t\t\t<h3 class=\"elementor-heading-title elementor-size-default\">\u00c9dition<br><b>planche<\/b> &amp; <b>baguette<\/b><\/h3>\t\t\t\t<\/div>\n\t\t\t\t<div class=\"elementor-element elementor-element-1389976 elementor-widget-divider--view-line elementor-widget elementor-widget-divider\" data-id=\"1389976\" data-element_type=\"widget\" data-e-type=\"widget\" data-widget_type=\"divider.default\">\n\t\t\t\t\t\t\t<div class=\"elementor-divider\">\n\t\t\t<span class=\"elementor-divider-separator\">\n\t\t\t\t\t\t<\/span>\n\t\t<\/div>\n\t\t\t\t\t\t<\/div>\n\t\t\t\t<div class=\"elementor-element elementor-element-64f175d color-scheme-inherit text-left elementor-widget elementor-widget-text-editor\" data-id=\"64f175d\" data-element_type=\"widget\" data-e-type=\"widget\" data-widget_type=\"text-editor.default\">\n\t\t\t\t\t\t\t\t\tLe design raffin\u00e9 et chaleureux de notre bardage en composite de bois <a href=\"https:\/\/www.fiberwood.ca\/fr\/revetements-en-composite\/edition-planche-baguette\/\">\u00e9dition planche &amp; baguette<\/a> apporte une touche unique \u00e0 toute fa\u00e7ade. Sa texture d\u00e9licate et sa pose simple en font une solution id\u00e9ale pour ajouter du charme \u00e0 votre espace, tout en garantissant une r\u00e9sistance accrue aux intemp\u00e9ries et une durabilit\u00e9 optimale, quelles que soient les conditions climatiques. Ce bardage vertical \u00e0 claire-voie valorise l&rsquo;esth\u00e9tique de votre propri\u00e9t\u00e9 et lui conf\u00e8re une finition architecturale intemporelle.\t\t\t\t\t\t\t\t<\/div>\n\t\t\t\t<div class=\"elementor-element elementor-element-880301b elementor-widget elementor-widget-heading\" data-id=\"880301b\" data-element_type=\"widget\" data-e-type=\"widget\" data-widget_type=\"heading.default\">\n\t\t\t\t\t<h4 class=\"elementor-heading-title elementor-size-default\">Couleurs de la gamme\n<\/h4>\t\t\t\t<\/div>\n\t\t\t\t<div class=\"elementor-element elementor-element-ab0fa91 color-scheme-inherit text-left elementor-widget elementor-widget-text-editor\" data-id=\"ab0fa91\" data-element_type=\"widget\" data-e-type=\"widget\" data-widget_type=\"text-editor.default\">\n\t\t\t\t\t\t\t\t\t<p>Pour la finition Board &amp; Batten Edition, la gamme comprend\u00a0: noir, gris cendr\u00e9, gris perle, ch\u00eane blanc, blanc pur, noyer, teck et bois naturel. Ces couleurs sont con\u00e7ues pour r\u00e9sister \u00e0 la d\u00e9coloration, aux moisissures et \u00e0 l\u2019accumulation de salet\u00e9s.<\/p>\t\t\t\t\t\t\t\t<\/div>\n\t\t\t\t<div class=\"elementor-element elementor-element-c586383 elementor-widget elementor-widget-button\" data-id=\"c586383\" data-element_type=\"widget\" data-e-type=\"widget\" data-widget_type=\"button.default\">\n\t\t\t\t\t\t\t\t\t\t<a class=\"elementor-button elementor-button-link elementor-size-sm\" href=\"https:\/\/www.fiberwood.ca\/fr\/revetements-en-composite\/edition-planche-baguette\/\">\n\t\t\t\t\t\t<span class=\"elementor-button-content-wrapper\">\n\t\t\t\t\t\t\t\t\t<span class=\"elementor-button-text\">Voir cette \u00e9dition<\/span>\n\t\t\t\t\t<\/span>\n\t\t\t\t\t<\/a>\n\t\t\t\t\t\t\t\t<\/div>\n\t\t\t\t\t<\/div>\n\t\t<\/div>\n\t\t\t\t\t<\/div>\n\t\t<\/section>\n\t\t\t\t<section class=\"wd-negative-gap elementor-section elementor-top-section elementor-element elementor-element-f48613a elementor-section-boxed elementor-section-height-default elementor-section-height-default\" data-id=\"f48613a\" data-element_type=\"section\" data-e-type=\"section\">\n\t\t\t\t\t\t<div class=\"elementor-container elementor-column-gap-default\">\n\t\t\t\t\t<div class=\"elementor-column elementor-col-100 elementor-top-column elementor-element elementor-element-f1bfb30\" data-id=\"f1bfb30\" data-element_type=\"column\" data-e-type=\"column\">\n\t\t\t<div class=\"elementor-widget-wrap elementor-element-populated\">\n\t\t\t\t\t\t<div class=\"elementor-element elementor-element-1be859c elementor-widget elementor-widget-spacer\" data-id=\"1be859c\" data-element_type=\"widget\" data-e-type=\"widget\" data-widget_type=\"spacer.default\">\n\t\t\t\t\t\t\t<div class=\"elementor-spacer\">\n\t\t\t<div class=\"elementor-spacer-inner\"><\/div>\n\t\t<\/div>\n\t\t\t\t\t\t<\/div>\n\t\t\t\t\t<\/div>\n\t\t<\/div>\n\t\t\t\t\t<\/div>\n\t\t<\/section>\n\t\t\t\t<section class=\"wd-negative-gap elementor-section elementor-top-section elementor-element elementor-element-d635349 elementor-section-boxed elementor-section-height-default elementor-section-height-default\" data-id=\"d635349\" data-element_type=\"section\" data-e-type=\"section\">\n\t\t\t\t\t\t<div class=\"elementor-container elementor-column-gap-default\">\n\t\t\t\t\t<div class=\"elementor-column elementor-col-50 elementor-top-column elementor-element elementor-element-a32cf31\" data-id=\"a32cf31\" data-element_type=\"column\" data-e-type=\"column\">\n\t\t\t<div class=\"elementor-widget-wrap elementor-element-populated\">\n\t\t\t\t\t\t<div class=\"elementor-element elementor-element-85135ca elementor-widget elementor-widget-heading\" data-id=\"85135ca\" data-element_type=\"widget\" data-e-type=\"widget\" data-widget_type=\"heading.default\">\n\t\t\t\t\t<h3 class=\"elementor-heading-title elementor-size-default\">\u00c9dition <b>Imp\u00e9riale<\/b><\/h3>\t\t\t\t<\/div>\n\t\t\t\t<div class=\"elementor-element elementor-element-41adb13 elementor-widget-divider--view-line elementor-widget elementor-widget-divider\" data-id=\"41adb13\" data-element_type=\"widget\" data-e-type=\"widget\" data-widget_type=\"divider.default\">\n\t\t\t\t\t\t\t<div class=\"elementor-divider\">\n\t\t\t<span class=\"elementor-divider-separator\">\n\t\t\t\t\t\t<\/span>\n\t\t<\/div>\n\t\t\t\t\t\t<\/div>\n\t\t\t\t<div class=\"elementor-element elementor-element-2ec2c82 color-scheme-inherit text-left elementor-widget elementor-widget-text-editor\" data-id=\"2ec2c82\" data-element_type=\"widget\" data-e-type=\"widget\" data-widget_type=\"text-editor.default\">\n\t\t\t\t\t\t\t\t\t<p>Avec ses panneaux cannel\u00e9s en trois dimensions, <a href=\"https:\/\/www.fiberwood.ca\/fr\/revetements-en-composite\/edition-imperiale\/\">\u00e9dition imp\u00e9riale<\/a> joue avec la lumi\u00e8re et la profondeur pour cr\u00e9er un effet visuel saisissant. Ce rev\u00eatement en composite de bois apporte volume et chaleur \u00e0 vos murs, qu&rsquo;il s&rsquo;agisse d&rsquo;une maison, d&rsquo;un appartement ou d&rsquo;un chalet. Un choix \u00e9l\u00e9gant qui transforme chaque surface en un \u00e9l\u00e9ment exceptionnel tout en rehaussant l&rsquo;aspect g\u00e9n\u00e9ral de la fa\u00e7ade.<\/p>\t\t\t\t\t\t\t\t<\/div>\n\t\t\t\t<div class=\"elementor-element elementor-element-666422f elementor-widget elementor-widget-heading\" data-id=\"666422f\" data-element_type=\"widget\" data-e-type=\"widget\" data-widget_type=\"heading.default\">\n\t\t\t\t\t<h4 class=\"elementor-heading-title elementor-size-default\">Couleurs de la gamme\n<\/h4>\t\t\t\t<\/div>\n\t\t\t\t<div class=\"elementor-element elementor-element-ff5b877 color-scheme-inherit text-left elementor-widget elementor-widget-text-editor\" data-id=\"ff5b877\" data-element_type=\"widget\" data-e-type=\"widget\" data-widget_type=\"text-editor.default\">\n\t\t\t\t\t\t\t\t\t<p>La gamme Imperial propose les finitions suivantes\u00a0: noyer, noir, teck, fr\u00eane, bois naturel, gris perle, brun classique et blanc pur. Chaque finition est con\u00e7ue pour une durabilit\u00e9 optimale et une r\u00e9sistance aux UV et \u00e0 l\u2019humidit\u00e9.<\/p>\t\t\t\t\t\t\t\t<\/div>\n\t\t\t\t<div class=\"elementor-element elementor-element-967bc60 elementor-widget elementor-widget-button\" data-id=\"967bc60\" data-element_type=\"widget\" data-e-type=\"widget\" data-widget_type=\"button.default\">\n\t\t\t\t\t\t\t\t\t\t<a class=\"elementor-button elementor-button-link elementor-size-sm\" href=\"https:\/\/www.fiberwood.ca\/fr\/revetements-en-composite\/edition-imperiale\/\">\n\t\t\t\t\t\t<span class=\"elementor-button-content-wrapper\">\n\t\t\t\t\t\t\t\t\t<span class=\"elementor-button-text\">Voir cette \u00e9dition<\/span>\n\t\t\t\t\t<\/span>\n\t\t\t\t\t<\/a>\n\t\t\t\t\t\t\t\t<\/div>\n\t\t\t\t\t<\/div>\n\t\t<\/div>\n\t\t\t\t<div class=\"elementor-column elementor-col-25 elementor-top-column elementor-element elementor-element-faf6ceb\" data-id=\"faf6ceb\" data-element_type=\"column\" data-e-type=\"column\">\n\t\t\t<div class=\"elementor-widget-wrap elementor-element-populated\">\n\t\t\t\t\t\t<div class=\"elementor-element elementor-element-5facf1f elementor-widget elementor-widget-image\" data-id=\"5facf1f\" data-element_type=\"widget\" data-e-type=\"widget\" data-widget_type=\"image.default\">\n\t\t\t\t\t\t\t\t\t\t\t\t\t\t\t<img loading=\"lazy\" decoding=\"async\" width=\"500\" height=\"884\" src=\"https:\/\/www.fiberwood.ca\/wp-content\/uploads\/2024\/11\/imperial-1.jpg\" class=\"attachment-large size-large wp-image-49052\" alt=\"Entr\u00e9e chaleureuse avec mur en composite de bois profil Imp\u00e9riale, teinte Bois Naturel.\" srcset=\"https:\/\/www.fiberwood.ca\/wp-content\/uploads\/2024\/11\/imperial-1.jpg 500w, https:\/\/www.fiberwood.ca\/wp-content\/uploads\/2024\/11\/imperial-1-170x300.jpg 170w, https:\/\/www.fiberwood.ca\/wp-content\/uploads\/2024\/11\/imperial-1-150x265.jpg 150w\" sizes=\"auto, (max-width: 500px) 100vw, 500px\" title=\"Imp\u00e9riale Bois Naturel \u2013 Rev\u00eatement mural en composite de bois | FiberWood\" \/>\t\t\t\t\t\t\t\t\t\t\t\t\t\t\t<\/div>\n\t\t\t\t\t<\/div>\n\t\t<\/div>\n\t\t\t\t<div class=\"elementor-column elementor-col-25 elementor-top-column elementor-element elementor-element-cea4d92\" data-id=\"cea4d92\" data-element_type=\"column\" data-e-type=\"column\">\n\t\t\t<div class=\"elementor-widget-wrap elementor-element-populated\">\n\t\t\t\t\t\t<div class=\"elementor-element elementor-element-53bebfe elementor-widget elementor-widget-image\" data-id=\"53bebfe\" data-element_type=\"widget\" data-e-type=\"widget\" data-widget_type=\"image.default\">\n\t\t\t\t\t\t\t\t\t\t\t\t\t\t\t<img loading=\"lazy\" decoding=\"async\" width=\"500\" height=\"884\" src=\"https:\/\/www.fiberwood.ca\/wp-content\/uploads\/2024\/11\/imperial-2.jpg\" class=\"attachment-large size-large wp-image-49050\" alt=\"Fa\u00e7ade moderne avec rev\u00eatement vertical Imp\u00e9riale en composite de bois Noyer et mur de brique.\" srcset=\"https:\/\/www.fiberwood.ca\/wp-content\/uploads\/2024\/11\/imperial-2.jpg 500w, https:\/\/www.fiberwood.ca\/wp-content\/uploads\/2024\/11\/imperial-2-170x300.jpg 170w, https:\/\/www.fiberwood.ca\/wp-content\/uploads\/2024\/11\/imperial-2-150x265.jpg 150w\" sizes=\"auto, (max-width: 500px) 100vw, 500px\" title=\"Imp\u00e9riale Noyer \u2013 Rev\u00eatement ext\u00e9rieur en composite de bois | FiberWood\" \/>\t\t\t\t\t\t\t\t\t\t\t\t\t\t\t<\/div>\n\t\t\t\t\t<\/div>\n\t\t<\/div>\n\t\t\t\t\t<\/div>\n\t\t<\/section>\n\t\t\t\t<section class=\"wd-negative-gap elementor-section elementor-top-section elementor-element elementor-element-6646808 elementor-section-boxed elementor-section-height-default elementor-section-height-default\" data-id=\"6646808\" data-element_type=\"section\" data-e-type=\"section\">\n\t\t\t\t\t\t<div class=\"elementor-container elementor-column-gap-default\">\n\t\t\t\t\t<div class=\"elementor-column elementor-col-100 elementor-top-column elementor-element elementor-element-7f09c03\" data-id=\"7f09c03\" data-element_type=\"column\" data-e-type=\"column\">\n\t\t\t<div class=\"elementor-widget-wrap elementor-element-populated\">\n\t\t\t\t\t\t<div class=\"elementor-element elementor-element-bd0076b elementor-widget elementor-widget-spacer\" data-id=\"bd0076b\" data-element_type=\"widget\" data-e-type=\"widget\" data-widget_type=\"spacer.default\">\n\t\t\t\t\t\t\t<div class=\"elementor-spacer\">\n\t\t\t<div class=\"elementor-spacer-inner\"><\/div>\n\t\t<\/div>\n\t\t\t\t\t\t<\/div>\n\t\t\t\t\t<\/div>\n\t\t<\/div>\n\t\t\t\t\t<\/div>\n\t\t<\/section>\n\t\t\t\t<section class=\"wd-negative-gap elementor-section elementor-top-section elementor-element elementor-element-d3a49d6 elementor-reverse-tablet_extra elementor-reverse-tablet elementor-reverse-mobile elementor-section-boxed elementor-section-height-default elementor-section-height-default\" data-id=\"d3a49d6\" data-element_type=\"section\" data-e-type=\"section\">\n\t\t\t\t\t\t<div class=\"elementor-container elementor-column-gap-default\">\n\t\t\t\t\t<div class=\"elementor-column elementor-col-25 elementor-top-column elementor-element elementor-element-4eb15e6\" data-id=\"4eb15e6\" data-element_type=\"column\" data-e-type=\"column\">\n\t\t\t<div class=\"elementor-widget-wrap elementor-element-populated\">\n\t\t\t\t\t\t<div class=\"elementor-element elementor-element-1a8b42c elementor-widget elementor-widget-image\" data-id=\"1a8b42c\" data-element_type=\"widget\" data-e-type=\"widget\" data-widget_type=\"image.default\">\n\t\t\t\t\t\t\t\t\t\t\t\t\t\t\t<img loading=\"lazy\" decoding=\"async\" width=\"500\" height=\"884\" src=\"https:\/\/www.fiberwood.ca\/wp-content\/uploads\/2024\/11\/royal-1.jpg\" class=\"attachment-large size-large wp-image-49056\" alt=\"Maison contemporaine \u00e0 deux \u00e9tages avec rev\u00eatement vertical Royale en composite de bois Noyer.\" srcset=\"https:\/\/www.fiberwood.ca\/wp-content\/uploads\/2024\/11\/royal-1.jpg 500w, https:\/\/www.fiberwood.ca\/wp-content\/uploads\/2024\/11\/royal-1-170x300.jpg 170w, https:\/\/www.fiberwood.ca\/wp-content\/uploads\/2024\/11\/royal-1-150x265.jpg 150w\" sizes=\"auto, (max-width: 500px) 100vw, 500px\" title=\"Royale Noyer \u2013 Rev\u00eatement en composite de bois haut de gamme | FiberWood\" \/>\t\t\t\t\t\t\t\t\t\t\t\t\t\t\t<\/div>\n\t\t\t\t\t<\/div>\n\t\t<\/div>\n\t\t\t\t<div class=\"elementor-column elementor-col-25 elementor-top-column elementor-element elementor-element-ea8bc5c\" data-id=\"ea8bc5c\" data-element_type=\"column\" data-e-type=\"column\">\n\t\t\t<div class=\"elementor-widget-wrap elementor-element-populated\">\n\t\t\t\t\t\t<div class=\"elementor-element elementor-element-1894ba6 elementor-widget elementor-widget-image\" data-id=\"1894ba6\" data-element_type=\"widget\" data-e-type=\"widget\" data-widget_type=\"image.default\">\n\t\t\t\t\t\t\t\t\t\t\t\t\t\t\t<img loading=\"lazy\" decoding=\"async\" width=\"500\" height=\"884\" src=\"https:\/\/www.fiberwood.ca\/wp-content\/uploads\/2024\/11\/royal-2.jpg\" class=\"attachment-large size-large wp-image-49054\" alt=\"Mur int\u00e9rieur \u00e9l\u00e9gant avec rev\u00eatement vertical Royale en composite de bois Bois Naturel.\" srcset=\"https:\/\/www.fiberwood.ca\/wp-content\/uploads\/2024\/11\/royal-2.jpg 500w, https:\/\/www.fiberwood.ca\/wp-content\/uploads\/2024\/11\/royal-2-170x300.jpg 170w, https:\/\/www.fiberwood.ca\/wp-content\/uploads\/2024\/11\/royal-2-150x265.jpg 150w\" sizes=\"auto, (max-width: 500px) 100vw, 500px\" title=\"Royale Bois Naturel \u2013 Rev\u00eatement mural en composite de bois | FiberWood\" \/>\t\t\t\t\t\t\t\t\t\t\t\t\t\t\t<\/div>\n\t\t\t\t\t<\/div>\n\t\t<\/div>\n\t\t\t\t<div class=\"elementor-column elementor-col-50 elementor-top-column elementor-element elementor-element-42494dc\" data-id=\"42494dc\" data-element_type=\"column\" data-e-type=\"column\">\n\t\t\t<div class=\"elementor-widget-wrap elementor-element-populated\">\n\t\t\t\t\t\t<div class=\"elementor-element elementor-element-33d353d elementor-widget elementor-widget-heading\" data-id=\"33d353d\" data-element_type=\"widget\" data-e-type=\"widget\" data-widget_type=\"heading.default\">\n\t\t\t\t\t<h3 class=\"elementor-heading-title elementor-size-default\">\u00c9dition <b>Royale<\/b><\/h3>\t\t\t\t<\/div>\n\t\t\t\t<div class=\"elementor-element elementor-element-a3dcd96 elementor-widget-divider--view-line elementor-widget elementor-widget-divider\" data-id=\"a3dcd96\" data-element_type=\"widget\" data-e-type=\"widget\" data-widget_type=\"divider.default\">\n\t\t\t\t\t\t\t<div class=\"elementor-divider\">\n\t\t\t<span class=\"elementor-divider-separator\">\n\t\t\t\t\t\t<\/span>\n\t\t<\/div>\n\t\t\t\t\t\t<\/div>\n\t\t\t\t<div class=\"elementor-element elementor-element-4069555 color-scheme-inherit text-left elementor-widget elementor-widget-text-editor\" data-id=\"4069555\" data-element_type=\"widget\" data-e-type=\"widget\" data-widget_type=\"text-editor.default\">\n\t\t\t\t\t\t\t\t\t<p>Alliance parfaite d&rsquo;ing\u00e9nierie et d&rsquo;esth\u00e9tique, l\u2019<a href=\"https:\/\/www.fiberwood.ca\/fr\/revetements-en-composite\/edition-royale\/\">\u00e9dition Royale<\/a> offre une structure innovante, caract\u00e9ris\u00e9e par ses lignes multidimensionnelles et une pose optimis\u00e9e. Adapt\u00e9 aux murs, plafonds et corniches, ce rev\u00eatement mural composite apporte une signature unique, aussi belle que robuste. Ce produit est con\u00e7u pour une durabilit\u00e9 et une r\u00e9sistance sup\u00e9rieures aux insectes, aux moisissures et aux agressions environnementales.<\/p>\t\t\t\t\t\t\t\t<\/div>\n\t\t\t\t<div class=\"elementor-element elementor-element-2446f6e elementor-widget elementor-widget-heading\" data-id=\"2446f6e\" data-element_type=\"widget\" data-e-type=\"widget\" data-widget_type=\"heading.default\">\n\t\t\t\t\t<h4 class=\"elementor-heading-title elementor-size-default\">Couleurs de la gamme\n<\/h4>\t\t\t\t<\/div>\n\t\t\t\t<div class=\"elementor-element elementor-element-3de86cb color-scheme-inherit text-left elementor-widget elementor-widget-text-editor\" data-id=\"3de86cb\" data-element_type=\"widget\" data-e-type=\"widget\" data-widget_type=\"text-editor.default\">\n\t\t\t\t\t\t\t\t\t<p>Pour le rev\u00eatement \u00c9dition Royale, la gamme comprend : noyer, noir, teck, pierre cendr\u00e9e, bois naturel, gris perle, brun classique et blanc pur.<\/p><p>Ces finitions conservent leur couleur et leur aspect au fil du temps, m\u00eame dans des conditions climatiques extr\u00eames.<\/p>\t\t\t\t\t\t\t\t<\/div>\n\t\t\t\t<div class=\"elementor-element elementor-element-f05b815 elementor-widget elementor-widget-button\" data-id=\"f05b815\" data-element_type=\"widget\" data-e-type=\"widget\" data-widget_type=\"button.default\">\n\t\t\t\t\t\t\t\t\t\t<a class=\"elementor-button elementor-button-link elementor-size-sm\" href=\"https:\/\/www.fiberwood.ca\/fr\/revetements-en-composite\/edition-royale\/\">\n\t\t\t\t\t\t<span class=\"elementor-button-content-wrapper\">\n\t\t\t\t\t\t\t\t\t<span class=\"elementor-button-text\">Voir cette \u00e9dition<\/span>\n\t\t\t\t\t<\/span>\n\t\t\t\t\t<\/a>\n\t\t\t\t\t\t\t\t<\/div>\n\t\t\t\t\t<\/div>\n\t\t<\/div>\n\t\t\t\t\t<\/div>\n\t\t<\/section>\n\t\t\t\t<section class=\"wd-negative-gap elementor-section elementor-top-section elementor-element elementor-element-5c7c0f0 elementor-section-boxed elementor-section-height-default elementor-section-height-default\" data-id=\"5c7c0f0\" data-element_type=\"section\" data-e-type=\"section\">\n\t\t\t\t\t\t<div class=\"elementor-container elementor-column-gap-default\">\n\t\t\t\t\t<div class=\"elementor-column elementor-col-100 elementor-top-column elementor-element elementor-element-4f4aed8\" data-id=\"4f4aed8\" data-element_type=\"column\" data-e-type=\"column\">\n\t\t\t<div class=\"elementor-widget-wrap elementor-element-populated\">\n\t\t\t\t\t\t<div class=\"elementor-element elementor-element-19c1f55 elementor-widget elementor-widget-spacer\" data-id=\"19c1f55\" data-element_type=\"widget\" data-e-type=\"widget\" data-widget_type=\"spacer.default\">\n\t\t\t\t\t\t\t<div class=\"elementor-spacer\">\n\t\t\t<div class=\"elementor-spacer-inner\"><\/div>\n\t\t<\/div>\n\t\t\t\t\t\t<\/div>\n\t\t\t\t\t<\/div>\n\t\t<\/div>\n\t\t\t\t\t<\/div>\n\t\t<\/section>\n\t\t<div class=\"wd-negative-gap elementor-element elementor-element-bfa4ccc e-flex e-con-boxed e-con e-parent\" data-id=\"bfa4ccc\" data-element_type=\"container\" data-e-type=\"container\">\n\t\t\t\t\t<div class=\"e-con-inner\">\n\t\t\t\t<div class=\"elementor-element elementor-element-6be7df3 elementor-widget elementor-widget-heading\" data-id=\"6be7df3\" data-element_type=\"widget\" data-e-type=\"widget\" data-widget_type=\"heading.default\">\n\t\t\t\t\t<h2 class=\"elementor-heading-title elementor-size-default\">Pourquoi choisir un rev\u00eatement en composite?<\/h2>\t\t\t\t<\/div>\n\t\t\t\t<div class=\"elementor-element elementor-element-551e2b1 color-scheme-inherit text-left elementor-widget elementor-widget-text-editor\" data-id=\"551e2b1\" data-element_type=\"widget\" data-e-type=\"widget\" data-widget_type=\"text-editor.default\">\n\t\t\t\t\t\t\t\t\t<p>Opter pour un rev\u00eatement en composite, c\u2019est faire le choix d\u2019un mat\u00e9riau de composite stable et durable, pens\u00e9 pour r\u00e9sister \u00e0 l\u2019humidit\u00e9, aux rayons UV, aux produits chimiques, \u00e0 la moisissure, \u00e0 la pourriture et aux insectes. Contrairement au rev\u00eatement de bois traditionnel, au rev\u00eatement m\u00e9tallique, \u00e0 la ma\u00e7onnerie de b\u00e9ton, \u00e0 la pierre naturelle, \u00e0 la c\u00e9ramique, au microb\u00e9ton, au lambris ou au contreplaqu\u00e9, le bois composite conserve sa couleur sans entretien lourd.<\/p>\t\t\t\t\t\t\t\t<\/div>\n\t\t\t\t<div class=\"elementor-element elementor-element-0ffcabb elementor-widget elementor-widget-heading\" data-id=\"0ffcabb\" data-element_type=\"widget\" data-e-type=\"widget\" data-widget_type=\"heading.default\">\n\t\t\t\t\t<h3 class=\"elementor-heading-title elementor-size-default\">Avantages du rev\u00eatement mural en composite<\/h3>\t\t\t\t<\/div>\n\t\t\t\t<div class=\"elementor-element elementor-element-fc7d817 color-scheme-inherit text-left elementor-widget elementor-widget-text-editor\" data-id=\"fc7d817\" data-element_type=\"widget\" data-e-type=\"widget\" data-widget_type=\"text-editor.default\">\n\t\t\t\t\t\t\t\t\t<p>Les panneaux en composite FiberWood se distinguent par leur stabilit\u00e9 dimensionnelle, leur r\u00e9sistance au vent et leur grande durabilit\u00e9 face aux variations climatiques. Con\u00e7us pour offrir une performance constante, ils repr\u00e9sentent une solution fiable autant pour les projets r\u00e9sidentiels que commerciaux. De plus, leurs propri\u00e9t\u00e9s antimicrobiennes et antifongiques contribuent \u00e0 un environnement plus sain, limitant la prolif\u00e9ration de moisissures et de bact\u00e9ries. R\u00e9sultat : un rev\u00eatement mural performant, durable et adapt\u00e9 aux exigences modernes.<\/p>\t\t\t\t\t\t\t\t<\/div>\n\t\t\t\t<div class=\"elementor-element elementor-element-ffea99e elementor-widget elementor-widget-heading\" data-id=\"ffea99e\" data-element_type=\"widget\" data-e-type=\"widget\" data-widget_type=\"heading.default\">\n\t\t\t\t\t<h3 class=\"elementor-heading-title elementor-size-default\">Performance et r\u00e9sistance aux intemp\u00e9ries<\/h3>\t\t\t\t<\/div>\n\t\t\t\t<div class=\"elementor-element elementor-element-09accbf color-scheme-inherit text-left elementor-widget elementor-widget-text-editor\" data-id=\"09accbf\" data-element_type=\"widget\" data-e-type=\"widget\" data-widget_type=\"text-editor.default\">\n\t\t\t\t\t\t\t\t\t<p>Pens\u00e9 pour les climats exigeants, le rev\u00eatement ext\u00e9rieur FiberWood maintient sa performance face aux variations de temp\u00e9rature, aux rayures et aux agressions environnementales.<\/p>\t\t\t\t\t\t\t\t<\/div>\n\t\t\t\t<div class=\"elementor-element elementor-element-a1b360a elementor-widget elementor-widget-heading\" data-id=\"a1b360a\" data-element_type=\"widget\" data-e-type=\"widget\" data-widget_type=\"heading.default\">\n\t\t\t\t\t<h4 class=\"elementor-heading-title elementor-size-default\">Protection Proshield Premium<\/h4>\t\t\t\t<\/div>\n\t\t\t\t<div class=\"elementor-element elementor-element-09617aa color-scheme-inherit text-left elementor-widget elementor-widget-text-editor\" data-id=\"09617aa\" data-element_type=\"widget\" data-e-type=\"widget\" data-widget_type=\"text-editor.default\">\n\t\t\t\t\t\t\t\t\t<p>La finition Proshield Premium agit comme une barri\u00e8re avanc\u00e9e contre l\u2019humidit\u00e9 et les rayons UV, prolongeant la dur\u00e9e de vie du produit.<\/p>\t\t\t\t\t\t\t\t<\/div>\n\t\t\t\t<div class=\"elementor-element elementor-element-d067834 elementor-widget elementor-widget-heading\" data-id=\"d067834\" data-element_type=\"widget\" data-e-type=\"widget\" data-widget_type=\"heading.default\">\n\t\t\t\t\t<h5 class=\"elementor-heading-title elementor-size-default\">Demande un prix pour ton rev\u00eatement mural en composite FiberWood.\n<\/h5>\t\t\t\t<\/div>\n\t\t\t\t<div class=\"elementor-element elementor-element-331d276 elementor-widget elementor-widget-heading\" data-id=\"331d276\" data-element_type=\"widget\" data-e-type=\"widget\" data-widget_type=\"heading.default\">\n\t\t\t\t\t<h2 class=\"elementor-heading-title elementor-size-default\"> Une esth\u00e9tique inspir\u00e9e du bois naturel\n<\/h2>\t\t\t\t<\/div>\n\t\t\t\t<div class=\"elementor-element elementor-element-986c9c6 color-scheme-inherit text-left elementor-widget elementor-widget-text-editor\" data-id=\"986c9c6\" data-element_type=\"widget\" data-e-type=\"widget\" data-widget_type=\"text-editor.default\">\n\t\t\t\t\t\t\t\t\t<p>Chaque panneau vertical ou panneau horizontal est pens\u00e9 pour imiter le bois naturel avec des panneaux multi-teintes et des textures riches, id\u00e9ales pour un style europ\u00e9en ou un style rustique.<a href=\"https:\/\/www.fiberwood.ca\/fr\/couleurs-2025\/\"> Toutes nos teintes<\/a> s\u2019int\u00e8grent parfaitement au design int\u00e9rieur de votre choix.<\/p>\t\t\t\t\t\t\t\t<\/div>\n\t\t\t\t<div class=\"elementor-element elementor-element-c4cf8b4 elementor-widget elementor-widget-heading\" data-id=\"c4cf8b4\" data-element_type=\"widget\" data-e-type=\"widget\" data-widget_type=\"heading.default\">\n\t\t\t\t\t<h2 class=\"elementor-heading-title elementor-size-default\">Choisir un rev\u00eatement mural en composite: un investissement durable<\/h2>\t\t\t\t<\/div>\n\t\t\t\t<div class=\"elementor-element elementor-element-681cf27 color-scheme-inherit text-left elementor-widget elementor-widget-text-editor\" data-id=\"681cf27\" data-element_type=\"widget\" data-e-type=\"widget\" data-widget_type=\"text-editor.default\">\n\t\t\t\t\t\t\t\t\t<p>Le prix d\u00e9pend surtout de l\u2019\u00e9dition, du format de panneaux, des accessoires, et des d\u00e9tails d\u2019installation. Mais la vraie valeur se mesure sur le long terme : moins d\u2019entretien, durabilit\u00e9 accrue, et esth\u00e9tique qui reste belle ann\u00e9e apr\u00e8s ann\u00e9e.<\/p>\t\t\t\t\t\t\t\t<\/div>\n\t\t\t\t<div class=\"elementor-element elementor-element-2e14470 elementor-widget elementor-widget-heading\" data-id=\"2e14470\" data-element_type=\"widget\" data-e-type=\"widget\" data-widget_type=\"heading.default\">\n\t\t\t\t\t<h2 class=\"elementor-heading-title elementor-size-default\">Questions fr\u00e9quentes sur le rev\u00eatement composite<\/h2>\t\t\t\t<\/div>\n\t\t\t\t<div class=\"elementor-element elementor-element-337922f elementor-widget elementor-widget-n-accordion\" data-id=\"337922f\" data-element_type=\"widget\" data-e-type=\"widget\" data-settings=\"{&quot;default_state&quot;:&quot;expanded&quot;,&quot;max_items_expended&quot;:&quot;one&quot;,&quot;n_accordion_animation_duration&quot;:{&quot;unit&quot;:&quot;ms&quot;,&quot;size&quot;:400,&quot;sizes&quot;:[]}}\" data-widget_type=\"nested-accordion.default\">\n\t\t\t\t\t\t\t<div class=\"e-n-accordion\" aria-label=\"Accordion. Open links with Enter or Space, close with Escape, and navigate with Arrow Keys\">\n\t\t\t\t\t\t<details id=\"e-n-accordion-item-5390\" class=\"e-n-accordion-item\" open>\n\t\t\t\t<summary class=\"e-n-accordion-item-title\" data-accordion-index=\"1\" tabindex=\"0\" aria-expanded=\"true\" aria-controls=\"e-n-accordion-item-5390\" >\n\t\t\t\t\t<span class='e-n-accordion-item-title-header'><h3 class=\"e-n-accordion-item-title-text\"> Est-ce que le rev\u00eatement mural en composite FiberWood convient autant \u00e0 l\u2019int\u00e9rieur qu\u2019au rev\u00eatement ext\u00e9rieur? <\/h3><\/span>\n\t\t\t\t\t\t\t<span class='e-n-accordion-item-title-icon'>\n\t\t\t<span class='e-opened' ><i aria-hidden=\"true\" class=\"fas fa-minus\"><\/i><\/span>\n\t\t\t<span class='e-closed'><i aria-hidden=\"true\" class=\"fas fa-plus\"><\/i><\/span>\n\t\t<\/span>\n\n\t\t\t\t\t\t<\/summary>\n\t\t\t\t<div role=\"region\" aria-labelledby=\"e-n-accordion-item-5390\" class=\"elementor-element elementor-element-07d39e0 e-con-full e-flex e-con e-child\" data-id=\"07d39e0\" data-element_type=\"container\" data-e-type=\"container\">\n\t\t\t\t<div class=\"elementor-element elementor-element-d24137f color-scheme-inherit text-left elementor-widget elementor-widget-text-editor\" data-id=\"d24137f\" data-element_type=\"widget\" data-e-type=\"widget\" data-widget_type=\"text-editor.default\">\n\t\t\t\t\t\t\t\t\t<p>Oui. Le rev\u00eatement mural en composite FiberWood est con\u00e7u pour des projets mural int\u00e9rieurs (mur accent, entr\u00e9e, commerce, d\u00e9coration) et pour le rev\u00eatement ext\u00e9rieur (fa\u00e7ades, volumes architecturaux). Gr\u00e2ce \u00e0 sa r\u00e9sistance aux intemp\u00e9ries, sa tol\u00e9rance \u00e0 l\u2019humidit\u00e9 et sa stabilit\u00e9, il s\u2019adapte aux conditions r\u00e9elles sans l\u2019entretien lourd du rev\u00eatement de bois.<\/p>\t\t\t\t\t\t\t\t<\/div>\n\t\t\t\t<\/div>\n\t\t\t\t\t<\/details>\n\t\t\t\t\t\t<details id=\"e-n-accordion-item-5391\" class=\"e-n-accordion-item\" >\n\t\t\t\t<summary class=\"e-n-accordion-item-title\" data-accordion-index=\"2\" tabindex=\"-1\" aria-expanded=\"false\" aria-controls=\"e-n-accordion-item-5391\" >\n\t\t\t\t\t<span class='e-n-accordion-item-title-header'><h3 class=\"e-n-accordion-item-title-text\"> Comment se d\u00e9roule l\u2019installation des panneaux en rev\u00eatement en composite? <\/h3><\/span>\n\t\t\t\t\t\t\t<span class='e-n-accordion-item-title-icon'>\n\t\t\t<span class='e-opened' ><i aria-hidden=\"true\" class=\"fas fa-minus\"><\/i><\/span>\n\t\t\t<span class='e-closed'><i aria-hidden=\"true\" class=\"fas fa-plus\"><\/i><\/span>\n\t\t<\/span>\n\n\t\t\t\t\t\t<\/summary>\n\t\t\t\t<div role=\"region\" aria-labelledby=\"e-n-accordion-item-5391\" class=\"elementor-element elementor-element-bef545d e-con-full e-flex e-con e-child\" data-id=\"bef545d\" data-element_type=\"container\" data-e-type=\"container\">\n\t\t\t\t<div class=\"elementor-element elementor-element-38c5ac6 color-scheme-inherit text-left elementor-widget elementor-widget-text-editor\" data-id=\"38c5ac6\" data-element_type=\"widget\" data-e-type=\"widget\" data-widget_type=\"text-editor.default\">\n\t\t\t\t\t\t\t\t\t<p>L\u2019installation se fait sur un substrat ad\u00e9quat (ex. structure\/ossature) avec une m\u00e9thode de pose uniforme, puis des finitions propres. Selon le projet, on utilise des accessoires (ex. moulures) et un calfeutrage cibl\u00e9 au silicone l\u00e0 o\u00f9 c\u2019est requis. R\u00e9sultat : des panneaux bien align\u00e9s, durables, et un rendu professionnel \u2014 en panneau vertical ou panneau horizontal.<\/p>\t\t\t\t\t\t\t\t<\/div>\n\t\t\t\t<\/div>\n\t\t\t\t\t<\/details>\n\t\t\t\t\t\t<details id=\"e-n-accordion-item-5392\" class=\"e-n-accordion-item\" >\n\t\t\t\t<summary class=\"e-n-accordion-item-title\" data-accordion-index=\"3\" tabindex=\"-1\" aria-expanded=\"false\" aria-controls=\"e-n-accordion-item-5392\" >\n\t\t\t\t\t<span class='e-n-accordion-item-title-header'><h3 class=\"e-n-accordion-item-title-text\"> Le composite de bois r\u00e9siste-t-il aux rayons UV, \u00e0 la moisissure et aux produits chimiques? <\/h3><\/span>\n\t\t\t\t\t\t\t<span class='e-n-accordion-item-title-icon'>\n\t\t\t<span class='e-opened' ><i aria-hidden=\"true\" class=\"fas fa-minus\"><\/i><\/span>\n\t\t\t<span class='e-closed'><i aria-hidden=\"true\" class=\"fas fa-plus\"><\/i><\/span>\n\t\t<\/span>\n\n\t\t\t\t\t\t<\/summary>\n\t\t\t\t<div role=\"region\" aria-labelledby=\"e-n-accordion-item-5392\" class=\"elementor-element elementor-element-b843da7 e-con-full e-flex e-con e-child\" data-id=\"b843da7\" data-element_type=\"container\" data-e-type=\"container\">\n\t\t\t\t<div class=\"elementor-element elementor-element-6cc16dd color-scheme-inherit text-left elementor-widget elementor-widget-text-editor\" data-id=\"6cc16dd\" data-element_type=\"widget\" data-e-type=\"widget\" data-widget_type=\"text-editor.default\">\n\t\t\t\t\t\t\t\t\t<p>Oui. Un bon composite de bois est fait pour performer face aux rayons UV, \u00e0 l\u2019humidit\u00e9, \u00e0 la moisissure et \u00e0 plusieurs produits chimiques du quotidien. Avec la finition Proshield Premium, FiberWood vise un rendu stable et une surface plus facile \u00e0 entretenir, tout en conservant l&rsquo;apparence du bois naturel sur le long terme.<\/p>\t\t\t\t\t\t\t\t<\/div>\n\t\t\t\t<\/div>\n\t\t\t\t\t<\/details>\n\t\t\t\t\t\t<details id=\"e-n-accordion-item-5393\" class=\"e-n-accordion-item\" >\n\t\t\t\t<summary class=\"e-n-accordion-item-title\" data-accordion-index=\"4\" tabindex=\"-1\" aria-expanded=\"false\" aria-controls=\"e-n-accordion-item-5393\" >\n\t\t\t\t\t<span class='e-n-accordion-item-title-header'><h3 class=\"e-n-accordion-item-title-text\"> Quel est le prix d\u2019un rev\u00eatement mural en composite? <\/h3><\/span>\n\t\t\t\t\t\t\t<span class='e-n-accordion-item-title-icon'>\n\t\t\t<span class='e-opened' ><i aria-hidden=\"true\" class=\"fas fa-minus\"><\/i><\/span>\n\t\t\t<span class='e-closed'><i aria-hidden=\"true\" class=\"fas fa-plus\"><\/i><\/span>\n\t\t<\/span>\n\n\t\t\t\t\t\t<\/summary>\n\t\t\t\t<div role=\"region\" aria-labelledby=\"e-n-accordion-item-5393\" class=\"elementor-element elementor-element-d7b85fb e-con-full e-flex e-con e-child\" data-id=\"d7b85fb\" data-element_type=\"container\" data-e-type=\"container\">\n\t\t\t\t<div class=\"elementor-element elementor-element-9005d05 color-scheme-inherit text-left elementor-widget elementor-widget-text-editor\" data-id=\"9005d05\" data-element_type=\"widget\" data-e-type=\"widget\" data-widget_type=\"text-editor.default\">\n\t\t\t\t\t\t\t\t\t<p><span style=\"font-weight: 400;\">Le prix varie selon l\u2019\u00e9dition, le format des panneaux, la surface \u00e0 couvrir, les accessoires de finition et la complexit\u00e9 de l\u2019installation. \u00c0 long terme, le rev\u00eatement en composite peut aussi faire \u00e9conomiser en entretien compar\u00e9 \u00e0 des mat\u00e9riaux comme la c\u00e9ramique, la pierre naturelle, le microb\u00e9ton, le verre ou certains panneaux en plastique. FiberWood se positionne avec sa propre signature, son service client, et une exp\u00e9rience utilisateur ax\u00e9e sur la simplicit\u00e9 de choix.<\/span><\/p>\t\t\t\t\t\t\t\t<\/div>\n\t\t\t\t<\/div>\n\t\t\t\t\t<\/details>\n\t\t\t\t\t<\/div>\n\t\t\t\t\t\t<\/div>\n\t\t\t\t\t<\/div>\n\t\t\t\t<\/div>\n\t\t\t\t<section class=\"wd-negative-gap elementor-section elementor-top-section elementor-element elementor-element-e249742 elementor-section-boxed elementor-section-height-default elementor-section-height-default\" data-id=\"e249742\" data-element_type=\"section\" data-e-type=\"section\">\n\t\t\t\t\t\t<div class=\"elementor-container elementor-column-gap-default\">\n\t\t\t\t\t<div class=\"elementor-column elementor-col-100 elementor-top-column elementor-element elementor-element-deb410b\" data-id=\"deb410b\" data-element_type=\"column\" data-e-type=\"column\">\n\t\t\t<div class=\"elementor-widget-wrap elementor-element-populated\">\n\t\t\t\t\t\t<div class=\"elementor-element elementor-element-f05bfbe elementor-widget elementor-widget-spacer\" data-id=\"f05bfbe\" data-element_type=\"widget\" data-e-type=\"widget\" data-widget_type=\"spacer.default\">\n\t\t\t\t\t\t\t<div class=\"elementor-spacer\">\n\t\t\t<div class=\"elementor-spacer-inner\"><\/div>\n\t\t<\/div>\n\t\t\t\t\t\t<\/div>\n\t\t\t\t\t<\/div>\n\t\t<\/div>\n\t\t\t\t\t<\/div>\n\t\t<\/section>\n\t\t\t\t<section class=\"wd-negative-gap elementor-section elementor-top-section elementor-element elementor-element-525734a elementor-section-boxed elementor-section-height-default elementor-section-height-default\" data-id=\"525734a\" data-element_type=\"section\" data-e-type=\"section\">\n\t\t\t\t\t\t<div class=\"elementor-container elementor-column-gap-default\">\n\t\t\t\t\t<div class=\"elementor-column elementor-col-100 elementor-top-column elementor-element elementor-element-b876661\" data-id=\"b876661\" data-element_type=\"column\" data-e-type=\"column\">\n\t\t\t<div class=\"elementor-widget-wrap elementor-element-populated\">\n\t\t\t\t\t\t<div class=\"elementor-element elementor-element-bfd2ea2 elementor-widget elementor-widget-image\" data-id=\"bfd2ea2\" data-element_type=\"widget\" data-e-type=\"widget\" data-widget_type=\"image.default\">\n\t\t\t\t\t\t\t\t\t\t\t\t\t\t\t\t<a href=\"https:\/\/www.FiberWood.ca\/\/PDF\/2025\/4P_REVETEMENT_QU\u00c9BEC_2025.pdf\" target=\"_blank\">\n\t\t\t\t\t\t\t<img decoding=\"async\" src=\"https:\/\/www.fiberwood.ca\/wp-content\/uploads\/elementor\/thumbs\/Capture-decran-2026-02-04-165012-rioew6kkscbtco2282orq8u4t4la5bnh46gcixs1kw.png\" title=\"catalogue revetement fiberwood\" alt=\"catalogue revetement fiberwood\" loading=\"lazy\" \/>\t\t\t\t\t\t\t\t<\/a>\n\t\t\t\t\t\t\t\t\t\t\t\t\t\t\t<\/div>\n\t\t\t\t<div class=\"elementor-element elementor-element-1e41bbd elementor-align-center elementor-widget elementor-widget-button\" data-id=\"1e41bbd\" data-element_type=\"widget\" data-e-type=\"widget\" data-widget_type=\"button.default\">\n\t\t\t\t\t\t\t\t\t\t<a class=\"elementor-button elementor-button-link elementor-size-sm\" href=\"https:\/\/www.FiberWood.ca\/\/PDF\/2026\/4P_REVETEMENT_2026.pdf\">\n\t\t\t\t\t\t<span class=\"elementor-button-content-wrapper\">\n\t\t\t\t\t\t\t\t\t<span class=\"elementor-button-text\">T\u00e9l\u00e9charger notre catalogue<\/span>\n\t\t\t\t\t<\/span>\n\t\t\t\t\t<\/a>\n\t\t\t\t\t\t\t\t<\/div>\n\t\t\t\t\t<\/div>\n\t\t<\/div>\n\t\t\t\t\t<\/div>\n\t\t<\/section>\n\t\t<div class=\"wd-negative-gap elementor-element elementor-element-abf25d5 wd-section-stretch e-flex e-con-boxed e-con e-parent\" data-id=\"abf25d5\" data-element_type=\"container\" data-e-type=\"container\">\n\t\t\t\t\t<div class=\"e-con-inner\">\n\t\t\t\t<div class=\"elementor-element elementor-element-8767493 color-scheme-inherit text-left elementor-widget elementor-widget-text-editor\" data-id=\"8767493\" data-element_type=\"widget\" data-e-type=\"widget\" data-widget_type=\"text-editor.default\">\n\t\t\t\t\t\t\t\t\tCertaines de nos images sont g\u00e9n\u00e9r\u00e9es \u00e0 l\u2019aide d\u2019un logiciel de mod\u00e9lisation r\u00e9aliste et sont fournies \u00e0 titre indicatif seulement. Pour confirmer les couleurs et les profils, veuillez-vous r\u00e9f\u00e9rer \u00e0 un d\u00e9taillant pr\u00e8s de chez vous.\t\t\t\t\t\t\t\t<\/div>\n\t\t\t\t\t<\/div>\n\t\t\t\t<\/div>\n\t\t\t\t<\/div>\n\t\t","protected":false},"excerpt":{"rendered":"<p>Rev\u00eatement composite FiberWood Le rev\u00eatement mural composite FiberWood red\u00e9finit les rev\u00eatements muraux contemporains, pour les espaces ext\u00e9rieurs comme int\u00e9rieurs. Fabriqu\u00e9<\/p>\n","protected":false},"author":18,"featured_media":44222,"parent":0,"menu_order":300,"comment_status":"closed","ping_status":"closed","template":"","meta":{"footnotes":""},"categories":[2684],"city":[],"province":[],"region":[],"board":[],"class_list":["post-77012","page","type-page","status-publish","has-post-thumbnail","hentry","category-revetement"],"aioseo_notices":[],"aioseo_head":"\n\t\t<!-- All in One SEO Pro 4.9.6.2 - aioseo.com -->\n\t<meta name=\"description\" content=\"Notre rev\u00eatement composite co-extrud\u00e9 FIBERWOOD b\u00e9n\u00e9ficie d&#039;une excellente protection PROSHIELD PREMIUM\u00ae.\" \/>\n\t<meta name=\"robots\" content=\"max-image-preview:large\" \/>\n\t<meta name=\"google-site-verification\" content=\"wakbDbH7CGUhDKT81iv3l311nmyWlYfqhph7BR2JgHQ\" \/>\n\t<meta name=\"msvalidate.01\" content=\"F9D2A6256296D6AAC106F746E9C87936\" \/>\n\t<link rel=\"canonical\" href=\"https:\/\/www.fiberwood.ca\/fr\/revetement-composite-siding\/\" \/>\n\t<meta name=\"generator\" content=\"All in One SEO Pro (AIOSEO) 4.9.6.2\" \/>\n\t\t<meta property=\"og:locale\" content=\"fr_CA\" \/>\n\t\t<meta property=\"og:site_name\" content=\"FiberWood | Bois composite\" \/>\n\t\t<meta property=\"og:type\" content=\"article\" \/>\n\t\t<meta property=\"og:title\" content=\"Rev\u00eatement composite | FiberWood\" \/>\n\t\t<meta property=\"og:description\" content=\"Notre rev\u00eatement composite co-extrud\u00e9 FIBERWOOD b\u00e9n\u00e9ficie d&#039;une excellente protection PROSHIELD PREMIUM\u00ae.\" \/>\n\t\t<meta property=\"og:url\" content=\"https:\/\/www.fiberwood.ca\/fr\/revetement-composite-siding\/\" \/>\n\t\t<meta property=\"og:image\" content=\"https:\/\/www.fiberwood.ca\/wp-content\/uploads\/2024\/07\/FiberWood-Composite-Wood-Exterior-Cladding-Inspiration-Featured.jpg\" \/>\n\t\t<meta property=\"og:image:secure_url\" content=\"https:\/\/www.fiberwood.ca\/wp-content\/uploads\/2024\/07\/FiberWood-Composite-Wood-Exterior-Cladding-Inspiration-Featured.jpg\" \/>\n\t\t<meta property=\"og:image:width\" content=\"1200\" \/>\n\t\t<meta property=\"og:image:height\" content=\"628\" \/>\n\t\t<meta property=\"article:published_time\" content=\"2026-04-07T20:42:56+00:00\" \/>\n\t\t<meta property=\"article:modified_time\" content=\"2026-04-07T21:20:48+00:00\" \/>\n\t\t<meta property=\"article:publisher\" content=\"https:\/\/www.facebook.com\/FiberWood.Canada\/\" \/>\n\t\t<meta name=\"twitter:card\" content=\"summary\" \/>\n\t\t<meta name=\"twitter:title\" content=\"Rev\u00eatement composite | FiberWood\" \/>\n\t\t<meta name=\"twitter:description\" content=\"Notre rev\u00eatement composite co-extrud\u00e9 FIBERWOOD b\u00e9n\u00e9ficie d&#039;une excellente protection PROSHIELD PREMIUM\u00ae.\" \/>\n\t\t<meta name=\"twitter:image\" content=\"https:\/\/www.fiberwood.ca\/wp-content\/uploads\/2024\/07\/FiberWood-Composite-Wood-Exterior-Cladding-Inspiration-Featured.jpg\" \/>\n\t\t<script type=\"application\/ld+json\" class=\"aioseo-schema\">\n\t\t\t{\"@context\":\"https:\\\/\\\/schema.org\",\"@graph\":[{\"@type\":\"BreadcrumbList\",\"@id\":\"https:\\\/\\\/www.fiberwood.ca\\\/fr\\\/revetement-composite-siding\\\/#breadcrumblist\",\"itemListElement\":[{\"@type\":\"ListItem\",\"@id\":\"https:\\\/\\\/www.fiberwood.ca\\\/fr\\\/#listItem\",\"position\":2,\"name\":\"Home\",\"item\":\"https:\\\/\\\/www.fiberwood.ca\\\/fr\\\/\",\"nextItem\":{\"@type\":\"ListItem\",\"@id\":\"https:\\\/\\\/www.fiberwood.ca\\\/fr\\\/revetement-composite-siding\\\/#listItem\",\"name\":\"Rev\\u00eatement composite\"},\"previousItem\":{\"@type\":\"ListItem\",\"@id\":\"#listItem\",\"name\":\"You are here\"}},{\"@type\":\"ListItem\",\"@id\":\"https:\\\/\\\/www.fiberwood.ca\\\/fr\\\/revetement-composite-siding\\\/#listItem\",\"position\":3,\"name\":\"Rev\\u00eatement composite\",\"previousItem\":{\"@type\":\"ListItem\",\"@id\":\"https:\\\/\\\/www.fiberwood.ca\\\/fr\\\/#listItem\",\"name\":\"Home\"}}]},{\"@type\":\"Organization\",\"@id\":\"https:\\\/\\\/www.fiberwood.ca\\\/fr\\\/#organization\",\"name\":\"FiberWood\",\"description\":\"Bois composite\",\"url\":\"https:\\\/\\\/www.fiberwood.ca\\\/fr\\\/\",\"email\":\"info@fiberwood.ca\",\"telephone\":\"+18883601866\",\"sameAs\":[\"https:\\\/\\\/www.facebook.com\\\/FiberWood.Canada\\\/\",\"https:\\\/\\\/www.instagram.com\\\/fiberwood.canada\\\/\",\"https:\\\/\\\/www.tiktok.com\\\/@fiberwood\",\"https:\\\/\\\/ca.linkedin.com\\\/company\\\/fiberwood\",\"https:\\\/\\\/www.yelp.ca\\\/biz\\\/fiberwood-bois-des-filion\"],\"address\":{\"@id\":\"https:\\\/\\\/www.fiberwood.ca\\\/fr\\\/#postaladdress\",\"@type\":\"PostalAddress\",\"streetAddress\":\"829 Boulevard Industriel, #105\",\"postalCode\":\"J6Z 4T3\",\"addressLocality\":\"Bois-des-Filion\",\"addressRegion\":\"Quebec\",\"addressCountry\":\"CA\"}},{\"@type\":\"WebPage\",\"@id\":\"https:\\\/\\\/www.fiberwood.ca\\\/fr\\\/revetement-composite-siding\\\/#webpage\",\"url\":\"https:\\\/\\\/www.fiberwood.ca\\\/fr\\\/revetement-composite-siding\\\/\",\"name\":\"Rev\\u00eatement composite | FiberWood\",\"description\":\"Notre rev\\u00eatement composite co-extrud\\u00e9 FIBERWOOD b\\u00e9n\\u00e9ficie d'une excellente protection PROSHIELD PREMIUM\\u00ae.\",\"inLanguage\":\"fr-CA\",\"isPartOf\":{\"@id\":\"https:\\\/\\\/www.fiberwood.ca\\\/fr\\\/#website\"},\"breadcrumb\":{\"@id\":\"https:\\\/\\\/www.fiberwood.ca\\\/fr\\\/revetement-composite-siding\\\/#breadcrumblist\"},\"image\":{\"@type\":\"ImageObject\",\"url\":\"https:\\\/\\\/www.fiberwood.ca\\\/wp-content\\\/uploads\\\/2024\\\/07\\\/FiberWood-Composite-Wood-Exterior-Cladding-Inspiration-Featured.jpg\",\"@id\":\"https:\\\/\\\/www.fiberwood.ca\\\/fr\\\/revetement-composite-siding\\\/#mainImage\",\"width\":1200,\"height\":628},\"primaryImageOfPage\":{\"@id\":\"https:\\\/\\\/www.fiberwood.ca\\\/fr\\\/revetement-composite-siding\\\/#mainImage\"},\"datePublished\":\"2026-04-07T16:42:56-04:00\",\"dateModified\":\"2026-04-07T17:20:48-04:00\"},{\"@type\":\"WebSite\",\"@id\":\"https:\\\/\\\/www.fiberwood.ca\\\/fr\\\/#website\",\"url\":\"https:\\\/\\\/www.fiberwood.ca\\\/fr\\\/\",\"name\":\"FiberWood\",\"description\":\"Bois composite\",\"inLanguage\":\"fr-CA\",\"publisher\":{\"@id\":\"https:\\\/\\\/www.fiberwood.ca\\\/fr\\\/#organization\"}}]}\n\t\t<\/script>\n\t\t<script type=\"text\/javascript\">\n\t\t\t(function(c,l,a,r,i,t,y){\n\t\t\tc[a]=c[a]||function(){(c[a].q=c[a].q||[]).push(arguments)};t=l.createElement(r);t.async=1;\n\t\t\tt.src=\"https:\/\/www.clarity.ms\/tag\/\"+i+\"?ref=aioseo\";y=l.getElementsByTagName(r)[0];y.parentNode.insertBefore(t,y);\n\t\t})(window, document, \"clarity\", \"script\", \"bfabkyl83n\");\n\t\t<\/script>\n\t\t<!-- All in One SEO Pro -->\r\n\t\t<title>Rev\u00eatement composite | FiberWood<\/title>\n\n","aioseo_head_json":{"title":"Rev\u00eatement composite | FiberWood","description":"Notre rev\u00eatement composite co-extrud\u00e9 FIBERWOOD b\u00e9n\u00e9ficie d'une excellente protection PROSHIELD PREMIUM\u00ae.","canonical_url":"https:\/\/www.fiberwood.ca\/fr\/revetement-composite-siding\/","robots":"max-image-preview:large","keywords":"","webmasterTools":{"google-site-verification":"wakbDbH7CGUhDKT81iv3l311nmyWlYfqhph7BR2JgHQ","msvalidate.01":"F9D2A6256296D6AAC106F746E9C87936","miscellaneous":""},"schema":{"@context":"https:\/\/schema.org","@graph":[{"@type":"BreadcrumbList","@id":"https:\/\/www.fiberwood.ca\/fr\/revetement-composite-siding\/#breadcrumblist","itemListElement":[{"@type":"ListItem","@id":"https:\/\/www.fiberwood.ca\/fr\/#listItem","position":2,"name":"Home","item":"https:\/\/www.fiberwood.ca\/fr\/","nextItem":{"@type":"ListItem","@id":"https:\/\/www.fiberwood.ca\/fr\/revetement-composite-siding\/#listItem","name":"Rev\u00eatement composite"},"previousItem":{"@type":"ListItem","@id":"#listItem","name":"You are here"}},{"@type":"ListItem","@id":"https:\/\/www.fiberwood.ca\/fr\/revetement-composite-siding\/#listItem","position":3,"name":"Rev\u00eatement composite","previousItem":{"@type":"ListItem","@id":"https:\/\/www.fiberwood.ca\/fr\/#listItem","name":"Home"}}]},{"@type":"Organization","@id":"https:\/\/www.fiberwood.ca\/fr\/#organization","name":"FiberWood","description":"Bois composite","url":"https:\/\/www.fiberwood.ca\/fr\/","email":"info@fiberwood.ca","telephone":"+18883601866","sameAs":["https:\/\/www.facebook.com\/FiberWood.Canada\/","https:\/\/www.instagram.com\/fiberwood.canada\/","https:\/\/www.tiktok.com\/@fiberwood","https:\/\/ca.linkedin.com\/company\/fiberwood","https:\/\/www.yelp.ca\/biz\/fiberwood-bois-des-filion"],"address":{"@id":"https:\/\/www.fiberwood.ca\/fr\/#postaladdress","@type":"PostalAddress","streetAddress":"829 Boulevard Industriel, #105","postalCode":"J6Z 4T3","addressLocality":"Bois-des-Filion","addressRegion":"Quebec","addressCountry":"CA"}},{"@type":"WebPage","@id":"https:\/\/www.fiberwood.ca\/fr\/revetement-composite-siding\/#webpage","url":"https:\/\/www.fiberwood.ca\/fr\/revetement-composite-siding\/","name":"Rev\u00eatement composite | FiberWood","description":"Notre rev\u00eatement composite co-extrud\u00e9 FIBERWOOD b\u00e9n\u00e9ficie d'une excellente protection PROSHIELD PREMIUM\u00ae.","inLanguage":"fr-CA","isPartOf":{"@id":"https:\/\/www.fiberwood.ca\/fr\/#website"},"breadcrumb":{"@id":"https:\/\/www.fiberwood.ca\/fr\/revetement-composite-siding\/#breadcrumblist"},"image":{"@type":"ImageObject","url":"https:\/\/www.fiberwood.ca\/wp-content\/uploads\/2024\/07\/FiberWood-Composite-Wood-Exterior-Cladding-Inspiration-Featured.jpg","@id":"https:\/\/www.fiberwood.ca\/fr\/revetement-composite-siding\/#mainImage","width":1200,"height":628},"primaryImageOfPage":{"@id":"https:\/\/www.fiberwood.ca\/fr\/revetement-composite-siding\/#mainImage"},"datePublished":"2026-04-07T16:42:56-04:00","dateModified":"2026-04-07T17:20:48-04:00"},{"@type":"WebSite","@id":"https:\/\/www.fiberwood.ca\/fr\/#website","url":"https:\/\/www.fiberwood.ca\/fr\/","name":"FiberWood","description":"Bois composite","inLanguage":"fr-CA","publisher":{"@id":"https:\/\/www.fiberwood.ca\/fr\/#organization"}}]},"og:locale":"fr_CA","og:site_name":"FiberWood | Bois composite","og:type":"article","og:title":"Rev\u00eatement composite | FiberWood","og:description":"Notre rev\u00eatement composite co-extrud\u00e9 FIBERWOOD b\u00e9n\u00e9ficie d'une excellente protection PROSHIELD PREMIUM\u00ae.","og:url":"https:\/\/www.fiberwood.ca\/fr\/revetement-composite-siding\/","og:image":"https:\/\/www.fiberwood.ca\/wp-content\/uploads\/2024\/07\/FiberWood-Composite-Wood-Exterior-Cladding-Inspiration-Featured.jpg","og:image:secure_url":"https:\/\/www.fiberwood.ca\/wp-content\/uploads\/2024\/07\/FiberWood-Composite-Wood-Exterior-Cladding-Inspiration-Featured.jpg","og:image:width":1200,"og:image:height":628,"article:published_time":"2026-04-07T20:42:56+00:00","article:modified_time":"2026-04-07T21:20:48+00:00","article:publisher":"https:\/\/www.facebook.com\/FiberWood.Canada\/","twitter:card":"summary","twitter:title":"Rev\u00eatement composite | FiberWood","twitter:description":"Notre rev\u00eatement composite co-extrud\u00e9 FIBERWOOD b\u00e9n\u00e9ficie d'une excellente protection PROSHIELD PREMIUM\u00ae.","twitter:image":"https:\/\/www.fiberwood.ca\/wp-content\/uploads\/2024\/07\/FiberWood-Composite-Wood-Exterior-Cladding-Inspiration-Featured.jpg"},"aioseo_meta_data":{"post_id":"77012","title":null,"description":"Notre rev\u00eatement composite co-extrud\u00e9 FIBERWOOD b\u00e9n\u00e9ficie d'une excellente protection PROSHIELD PREMIUM\u00ae.","keywords":null,"keyphrases":{"focus":{"keyphrase":"rev\u00eatement composite","score":67,"analysis":{"keyphraseInTitle":{"score":9,"maxScore":9,"error":0},"keyphraseInDescription":{"score":9,"maxScore":9,"error":0},"keyphraseLength":{"score":9,"maxScore":9,"error":0,"length":3},"keyphraseInURL":[],"keyphraseInIntroduction":{"score":3,"maxScore":9,"error":1},"keyphraseInSubHeadings":{"score":3,"maxScore":9,"error":1},"keyphraseInImageAlt":{"score":9,"maxScore":9,"error":0},"keywordDensity":{"score":0,"type":"low","maxScore":9,"error":1}}},"additional":[]},"primary_term":null,"canonical_url":null,"og_title":null,"og_description":null,"og_object_type":"default","og_image_type":"default","og_image_url":null,"og_image_width":null,"og_image_height":null,"og_image_custom_url":null,"og_image_custom_fields":null,"og_video":"","og_custom_url":null,"og_article_section":null,"og_article_tags":null,"twitter_use_og":false,"twitter_card":"default","twitter_image_type":"default","twitter_image_url":null,"twitter_image_custom_url":null,"twitter_image_custom_fields":null,"twitter_title":null,"twitter_description":null,"schema":{"blockGraphs":[],"customGraphs":[],"default":{"data":{"Article":[],"Course":[],"Dataset":[],"FAQPage":[],"Movie":[],"Person":[],"Product":[],"ProductReview":[],"Car":[],"Recipe":[],"Service":[],"SoftwareApplication":[],"WebPage":[]},"graphName":"WebPage","isEnabled":true},"graphs":[]},"schema_type":"default","schema_type_options":null,"pillar_content":false,"robots_default":true,"robots_noindex":false,"robots_noarchive":false,"robots_nosnippet":false,"robots_nofollow":false,"robots_noimageindex":false,"robots_noodp":false,"robots_notranslate":false,"robots_max_snippet":"-1","robots_max_videopreview":"-1","robots_max_imagepreview":"large","priority":null,"frequency":"default","local_seo":null,"seo_analyzer_scan_date":"2026-04-07 21:20:50","breadcrumb_settings":null,"limit_modified_date":false,"reviewed_by":"0","open_ai":null,"ai":{"faqs":[],"keyPoints":[],"titles":[],"descriptions":[],"socialPosts":{"email":[],"linkedin":[],"twitter":[],"facebook":[],"instagram":[]}},"created":"2026-04-07 20:56:57","updated":"2026-04-07 21:20:54"},"aioseo_breadcrumb":"<div class=\"aioseo-breadcrumbs\"><span class=\"aioseo-breadcrumb\">\n\tYou are here\n<\/span><span class=\"aioseo-breadcrumb-separator\">\u00bb<\/span><span class=\"aioseo-breadcrumb\">\n\t<a href=\"https:\/\/www.fiberwood.ca\/fr\/\" title=\"Home\">Home<\/a>\n<\/span><span class=\"aioseo-breadcrumb-separator\">\u00bb<\/span><span class=\"aioseo-breadcrumb\">\n\tRev\u00eatement composite\n<\/span><\/div>","aioseo_breadcrumb_json":[{"label":"You are here","link":""},{"label":"Home","link":"https:\/\/www.fiberwood.ca\/fr\/"},{"label":"Rev\u00eatement composite","link":"https:\/\/www.fiberwood.ca\/fr\/revetement-composite-siding\/"}],"_links":{"self":[{"href":"https:\/\/www.fiberwood.ca\/fr\/wp-json\/wp\/v2\/pages\/77012","targetHints":{"allow":["GET"]}}],"collection":[{"href":"https:\/\/www.fiberwood.ca\/fr\/wp-json\/wp\/v2\/pages"}],"about":[{"href":"https:\/\/www.fiberwood.ca\/fr\/wp-json\/wp\/v2\/types\/page"}],"author":[{"embeddable":true,"href":"https:\/\/www.fiberwood.ca\/fr\/wp-json\/wp\/v2\/users\/18"}],"replies":[{"embeddable":true,"href":"https:\/\/www.fiberwood.ca\/fr\/wp-json\/wp\/v2\/comments?post=77012"}],"version-history":[{"count":12,"href":"https:\/\/www.fiberwood.ca\/fr\/wp-json\/wp\/v2\/pages\/77012\/revisions"}],"predecessor-version":[{"id":77026,"href":"https:\/\/www.fiberwood.ca\/fr\/wp-json\/wp\/v2\/pages\/77012\/revisions\/77026"}],"wp:featuredmedia":[{"embeddable":true,"href":"https:\/\/www.fiberwood.ca\/fr\/wp-json\/wp\/v2\/media\/44222"}],"wp:attachment":[{"href":"https:\/\/www.fiberwood.ca\/fr\/wp-json\/wp\/v2\/media?parent=77012"}],"wp:term":[{"taxonomy":"category","embeddable":true,"href":"https:\/\/www.fiberwood.ca\/fr\/wp-json\/wp\/v2\/categories?post=77012"},{"taxonomy":"city","embeddable":true,"href":"https:\/\/www.fiberwood.ca\/fr\/wp-json\/wp\/v2\/city?post=77012"},{"taxonomy":"province","embeddable":true,"href":"https:\/\/www.fiberwood.ca\/fr\/wp-json\/wp\/v2\/province?post=77012"},{"taxonomy":"region","embeddable":true,"href":"https:\/\/www.fiberwood.ca\/fr\/wp-json\/wp\/v2\/region?post=77012"},{"taxonomy":"board","embeddable":true,"href":"https:\/\/www.fiberwood.ca\/fr\/wp-json\/wp\/v2\/board?post=77012"}],"curies":[{"name":"wp","href":"https:\/\/api.w.org\/{rel}","templated":true}]}}